{"id":575,"date":"2021-02-23T10:04:36","date_gmt":"2021-02-23T10:04:36","guid":{"rendered":"https:\/\/autohaus-peschel.de\/?page_id=575"},"modified":"2023-05-17T11:13:07","modified_gmt":"2023-05-17T11:13:07","slug":"about-us","status":"publish","type":"page","link":"https:\/\/autohaus-peschel.de\/?page_id=575","title":{"rendered":"\u00dcber uns"},"content":{"rendered":"\t\t<div data-elementor-type=\"wp-page\" data-elementor-id=\"575\" class=\"elementor elementor-575\">\n\t\t\t\t\t\t<section class=\"elementor-section elementor-top-section elementor-element elementor-element-252cc20 elementor-section-height-min-height elementor-section-boxed elementor-section-height-default elementor-section-items-middle\" data-id=\"252cc20\" data-element_type=\"section\" data-settings=\"{&quot;background_background&quot;:&quot;classic&quot;}\">\n\t\t\t\t\t\t\t<div class=\"elementor-background-overlay\"><\/div>\n\t\t\t\t\t\t\t<div class=\"elementor-container elementor-column-gap-no\">\n\t\t\t\t\t<div class=\"elementor-column elementor-col-100 elementor-top-column elementor-element elementor-element-6250949\" data-id=\"6250949\" data-element_type=\"column\">\n\t\t\t<div class=\"elementor-widget-wrap elementor-element-populated\">\n\t\t\t\t\t\t<section class=\"elementor-section elementor-inner-section elementor-element elementor-element-2005eec elementor-section-boxed elementor-section-height-default elementor-section-height-default\" data-id=\"2005eec\" data-element_type=\"section\">\n\t\t\t\t\t\t<div class=\"elementor-container elementor-column-gap-no\">\n\t\t\t\t\t<div class=\"elementor-column elementor-col-100 elementor-inner-column elementor-element elementor-element-824eeb8\" data-id=\"824eeb8\" data-element_type=\"column\">\n\t\t\t<div class=\"elementor-widget-wrap elementor-element-populated\">\n\t\t\t\t\t\t<div class=\"elementor-element elementor-element-c7e430c elementor-widget elementor-widget-heading\" data-id=\"c7e430c\" data-element_type=\"widget\" data-widget_type=\"heading.default\">\n\t\t\t\t<div class=\"elementor-widget-container\">\n\t\t\t<style>\/*! elementor - v3.23.0 - 05-08-2024 *\/\n.elementor-heading-title{padding:0;margin:0;line-height:1}.elementor-widget-heading .elementor-heading-title[class*=elementor-size-]>a{color:inherit;font-size:inherit;line-height:inherit}.elementor-widget-heading .elementor-heading-title.elementor-size-small{font-size:15px}.elementor-widget-heading .elementor-heading-title.elementor-size-medium{font-size:19px}.elementor-widget-heading .elementor-heading-title.elementor-size-large{font-size:29px}.elementor-widget-heading .elementor-heading-title.elementor-size-xl{font-size:39px}.elementor-widget-heading .elementor-heading-title.elementor-size-xxl{font-size:59px}<\/style><h1 class=\"elementor-heading-title elementor-size-default\">\u00dcber uns<\/h1>\t\t<\/div>\n\t\t\t\t<\/div>\n\t\t\t\t\t<\/div>\n\t\t<\/div>\n\t\t\t\t\t<\/div>\n\t\t<\/section>\n\t\t\t\t\t<\/div>\n\t\t<\/div>\n\t\t\t\t\t<\/div>\n\t\t<\/section>\n\t\t\t\t<section class=\"elementor-section elementor-top-section elementor-element elementor-element-241cd00 elementor-section-boxed elementor-section-height-default elementor-section-height-default\" data-id=\"241cd00\" data-element_type=\"section\" data-settings=\"{&quot;background_background&quot;:&quot;classic&quot;}\">\n\t\t\t\t\t\t<div class=\"elementor-container elementor-column-gap-no\">\n\t\t\t\t\t<div class=\"elementor-column elementor-col-100 elementor-top-column elementor-element elementor-element-4c3d795\" data-id=\"4c3d795\" data-element_type=\"column\">\n\t\t\t<div class=\"elementor-widget-wrap elementor-element-populated\">\n\t\t\t\t\t\t<section class=\"elementor-section elementor-inner-section elementor-element elementor-element-2d0bf28 elementor-section-boxed elementor-section-height-default elementor-section-height-default\" data-id=\"2d0bf28\" data-element_type=\"section\">\n\t\t\t\t\t\t<div class=\"elementor-container elementor-column-gap-no\">\n\t\t\t\t\t<div class=\"elementor-column elementor-col-50 elementor-inner-column elementor-element elementor-element-e5a42d0\" data-id=\"e5a42d0\" data-element_type=\"column\">\n\t\t\t<div class=\"elementor-widget-wrap elementor-element-populated\">\n\t\t\t\t\t\t<div class=\"elementor-element elementor-element-9bd1bca elementor-widget elementor-widget-heading\" data-id=\"9bd1bca\" data-element_type=\"widget\" data-widget_type=\"heading.default\">\n\t\t\t\t<div class=\"elementor-widget-container\">\n\t\t\t<h6 class=\"elementor-heading-title elementor-size-default\">Wie alles begann.<\/h6>\t\t<\/div>\n\t\t\t\t<\/div>\n\t\t\t\t<div class=\"elementor-element elementor-element-169224d elementor-widget elementor-widget-heading\" data-id=\"169224d\" data-element_type=\"widget\" data-widget_type=\"heading.default\">\n\t\t\t\t<div class=\"elementor-widget-container\">\n\t\t\t<h2 class=\"elementor-heading-title elementor-size-default\">Unsere Firmengeschichte<br>der Gebr\u00fcder Peschel<\/h2>\t\t<\/div>\n\t\t\t\t<\/div>\n\t\t\t\t<div class=\"elementor-element elementor-element-527a23b elementor-widget__width-initial elementor-widget elementor-widget-text-editor\" data-id=\"527a23b\" data-element_type=\"widget\" data-widget_type=\"text-editor.default\">\n\t\t\t\t<div class=\"elementor-widget-container\">\n\t\t\t<style>\/*! elementor - v3.23.0 - 05-08-2024 *\/\n.elementor-widget-text-editor.elementor-drop-cap-view-stacked .elementor-drop-cap{background-color:#69727d;color:#fff}.elementor-widget-text-editor.elementor-drop-cap-view-framed .elementor-drop-cap{color:#69727d;border:3px solid;background-color:transparent}.elementor-widget-text-editor:not(.elementor-drop-cap-view-default) .elementor-drop-cap{margin-top:8px}.elementor-widget-text-editor:not(.elementor-drop-cap-view-default) .elementor-drop-cap-letter{width:1em;height:1em}.elementor-widget-text-editor .elementor-drop-cap{float:left;text-align:center;line-height:1;font-size:50px}.elementor-widget-text-editor .elementor-drop-cap-letter{display:inline-block}<\/style>\t\t\t\t<p class=\"xr_tl Heading_1 xr_s14\" style=\"text-align: left;\">Mit der Betriebsgr\u00fcndung im Jahre 1928 legten die beiden Br\u00fcder Erhardt und Alfred Peschel den Grundstein f\u00fcr ein traditionsreiches Familienunternehmen.<\/p><p class=\"xr_tl Heading_1 xr_s14\" style=\"text-align: left;\">Ihr Handwerk erlernten die beiden Schlosser bei der Coswiger Autofabrik Nacke.<\/p><p class=\"xr_tl Heading_1 xr_s14\" style=\"text-align: left;\">Die elterlichen Stallgeb\u00e4ude auf der Neucoswiger Str. 25 in Coswig boten die ersten R\u00e4umlichkeiten f\u00fcr die Reparatur von Fahrr\u00e4dern und N\u00e4hmaschinen.<\/p><p class=\"xr_tl Heading_1 xr_s14\" style=\"text-align: left;\">Kurze Zeit sp\u00e4ter erfolgte die Ausweitung des Gesch\u00e4ftes um die Instandsetzung von Motorr\u00e4dern und Autos der Marke DKW und Adler.<\/p><p class=\"xr_tl Heading_1 xr_s14\" style=\"text-align: left;\">Die stetig steigende Auftragsmenge erforderte eine Erweiterung der Betriebsfl\u00e4che.<\/p><p class=\"xr_tl Heading_1 xr_s14\" style=\"text-align: left;\">In den folgenden Jahren erfolgte der Neubau einer gro\u00dfen Werkstatthalle und der Anbau von Sozial- und Lagerr\u00e4umlichkeiten.<\/p><p class=\"xr_tl Heading_1 xr_s14\" style=\"text-align: left;\">Durch die Instandsetzung aller Fahrzeugtypen konnten die beiden Br\u00fcder den Betrieb auch nach dem 2. Weltkrieg fortf\u00fchren.<\/p><p class=\"xr_tl Heading_1 xr_s14\" style=\"text-align: left;\">Sp\u00e4ter wurde der Betrieb<br \/>Fachwerkstatt f\u00fcr Fahrzeuge wie F9, P70 und Trabant und erhielt 1958 ein<br \/>Werkstattvertrag f\u00fcr Wartburg.<\/p>\t\t\t\t\t\t<\/div>\n\t\t\t\t<\/div>\n\t\t\t\t\t<\/div>\n\t\t<\/div>\n\t\t\t\t<div class=\"elementor-column elementor-col-50 elementor-inner-column elementor-element elementor-element-2eab71c\" data-id=\"2eab71c\" data-element_type=\"column\">\n\t\t\t<div class=\"elementor-widget-wrap elementor-element-populated\">\n\t\t\t\t\t\t<div class=\"elementor-element elementor-element-8013aa6 elementor-widget elementor-widget-image\" data-id=\"8013aa6\" data-element_type=\"widget\" data-widget_type=\"image.default\">\n\t\t\t\t<div class=\"elementor-widget-container\">\n\t\t\t<style>\/*! elementor - v3.23.0 - 05-08-2024 *\/\n.elementor-widget-image{text-align:center}.elementor-widget-image a{display:inline-block}.elementor-widget-image a img[src$=\".svg\"]{width:48px}.elementor-widget-image img{vertical-align:middle;display:inline-block}<\/style>\t\t\t\t\t\t\t\t\t\t<img fetchpriority=\"high\" decoding=\"async\" width=\"557\" height=\"768\" src=\"https:\/\/autohaus-peschel.de\/wp-content\/uploads\/2023\/04\/40515.jpeg\" class=\"attachment-2048x2048 size-2048x2048 wp-image-906\" alt=\"\" srcset=\"https:\/\/autohaus-peschel.de\/wp-content\/uploads\/2023\/04\/40515.jpeg 557w, https:\/\/autohaus-peschel.de\/wp-content\/uploads\/2023\/04\/40515-218x300.jpeg 218w\" sizes=\"(max-width: 557px) 100vw, 557px\" \/>\t\t\t\t\t\t\t\t\t\t\t\t\t<\/div>\n\t\t\t\t<\/div>\n\t\t\t\t\t<\/div>\n\t\t<\/div>\n\t\t\t\t\t<\/div>\n\t\t<\/section>\n\t\t\t\t\t<\/div>\n\t\t<\/div>\n\t\t\t\t\t<\/div>\n\t\t<\/section>\n\t\t\t\t<section class=\"elementor-section elementor-top-section elementor-element elementor-element-5a043a7 elementor-section-boxed elementor-section-height-default elementor-section-height-default\" data-id=\"5a043a7\" data-element_type=\"section\" data-settings=\"{&quot;background_background&quot;:&quot;classic&quot;}\">\n\t\t\t\t\t\t<div class=\"elementor-container elementor-column-gap-no\">\n\t\t\t\t\t<div class=\"elementor-column elementor-col-100 elementor-top-column elementor-element elementor-element-b4339a8\" data-id=\"b4339a8\" data-element_type=\"column\">\n\t\t\t<div class=\"elementor-widget-wrap elementor-element-populated\">\n\t\t\t\t\t\t<section class=\"elementor-section elementor-inner-section elementor-element elementor-element-0eb0efc elementor-section-boxed elementor-section-height-default elementor-section-height-default\" data-id=\"0eb0efc\" data-element_type=\"section\">\n\t\t\t\t\t\t<div class=\"elementor-container elementor-column-gap-no\">\n\t\t\t\t\t<div class=\"elementor-column elementor-col-50 elementor-inner-column elementor-element elementor-element-cef0cee\" data-id=\"cef0cee\" data-element_type=\"column\">\n\t\t\t<div class=\"elementor-widget-wrap elementor-element-populated\">\n\t\t\t\t\t\t<div class=\"elementor-element elementor-element-8de6c89 elementor-widget elementor-widget-heading\" data-id=\"8de6c89\" data-element_type=\"widget\" data-widget_type=\"heading.default\">\n\t\t\t\t<div class=\"elementor-widget-container\">\n\t\t\t<h6 class=\"elementor-heading-title elementor-size-default\">Und so ging es weiter<\/h6>\t\t<\/div>\n\t\t\t\t<\/div>\n\t\t\t\t<div class=\"elementor-element elementor-element-f94fe77 elementor-widget elementor-widget-heading\" data-id=\"f94fe77\" data-element_type=\"widget\" data-widget_type=\"heading.default\">\n\t\t\t\t<div class=\"elementor-widget-container\">\n\t\t\t<h2 class=\"elementor-heading-title elementor-size-default\">mit den Gebr\u00fcdern Peschel<\/h2>\t\t<\/div>\n\t\t\t\t<\/div>\n\t\t\t\t<div class=\"elementor-element elementor-element-e2a1412 elementor-widget__width-initial elementor-widget elementor-widget-text-editor\" data-id=\"e2a1412\" data-element_type=\"widget\" data-widget_type=\"text-editor.default\">\n\t\t\t\t<div class=\"elementor-widget-container\">\n\t\t\t\t\t\t\t<p>1976 \u00fcbernahmen die Br\u00fcder Gerd und Heinz Peschel das Gesch\u00e4ft von ihrem Vater und Onkel und f\u00fchrten es in zweiter Generation fort. Nach der Modernisierung der Betriebsgeb\u00e4ude und der technischen Ausr\u00fcstung ging es 1978 weiter als Vertragswerkstatt f\u00fcr Trabant. Mittlerweile besch\u00e4ftigten die beiden Br\u00fcder f\u00fcnf weitere Angestellte. Die Schwierigkeiten bei der damaligen Ersatzteilbeschaffung l\u00f6sten die Peschel`s mit Kreativit\u00e4t und besonderem Geschick. Die Kundenzufriedenheit und Die pers\u00f6nliche Atmosph\u00e4re spielten damals, wie auch heute, eine wichtige Rolle.<\/p>\t\t\t\t\t\t<\/div>\n\t\t\t\t<\/div>\n\t\t\t\t\t<\/div>\n\t\t<\/div>\n\t\t\t\t<div class=\"elementor-column elementor-col-50 elementor-inner-column elementor-element elementor-element-2a74b26\" data-id=\"2a74b26\" data-element_type=\"column\">\n\t\t\t<div class=\"elementor-widget-wrap elementor-element-populated\">\n\t\t\t\t\t\t<div class=\"elementor-element elementor-element-39b507e elementor-widget elementor-widget-image\" data-id=\"39b507e\" data-element_type=\"widget\" data-widget_type=\"image.default\">\n\t\t\t\t<div class=\"elementor-widget-container\">\n\t\t\t\t\t\t\t\t\t\t\t\t\t<img decoding=\"async\" width=\"450\" height=\"290\" src=\"https:\/\/autohaus-peschel.de\/wp-content\/uploads\/2023\/04\/40514.jpeg\" class=\"attachment-2048x2048 size-2048x2048 wp-image-927\" alt=\"\" srcset=\"https:\/\/autohaus-peschel.de\/wp-content\/uploads\/2023\/04\/40514.jpeg 450w, https:\/\/autohaus-peschel.de\/wp-content\/uploads\/2023\/04\/40514-300x193.jpeg 300w\" sizes=\"(max-width: 450px) 100vw, 450px\" \/>\t\t\t\t\t\t\t\t\t\t\t\t\t<\/div>\n\t\t\t\t<\/div>\n\t\t\t\t\t<\/div>\n\t\t<\/div>\n\t\t\t\t\t<\/div>\n\t\t<\/section>\n\t\t\t\t\t<\/div>\n\t\t<\/div>\n\t\t\t\t\t<\/div>\n\t\t<\/section>\n\t\t\t\t<section class=\"elementor-section elementor-top-section elementor-element elementor-element-351c45b elementor-section-boxed elementor-section-height-default elementor-section-height-default\" data-id=\"351c45b\" data-element_type=\"section\">\n\t\t\t\t\t\t<div class=\"elementor-container elementor-column-gap-default\">\n\t\t\t\t\t<div class=\"elementor-column elementor-col-33 elementor-top-column elementor-element elementor-element-2ca57f9\" data-id=\"2ca57f9\" data-element_type=\"column\">\n\t\t\t<div class=\"elementor-widget-wrap elementor-element-populated\">\n\t\t\t\t\t\t<div class=\"elementor-element elementor-element-e2105bf elementor-widget elementor-widget-text-editor\" data-id=\"e2105bf\" data-element_type=\"widget\" data-widget_type=\"text-editor.default\">\n\t\t\t\t<div class=\"elementor-widget-container\">\n\t\t\t\t\t\t\t<h4 style=\"text-align: center;\"><strong>Adresse:<\/strong><\/h4><p style=\"text-align: center;\">Autohaus Gebr\u00fcder Peschel<br \/>Am Wall 2<br \/>01662 Mei\u00dfen<\/p>\t\t\t\t\t\t<\/div>\n\t\t\t\t<\/div>\n\t\t\t\t\t<\/div>\n\t\t<\/div>\n\t\t\t\t<div class=\"elementor-column elementor-col-33 elementor-top-column elementor-element elementor-element-780ed96\" data-id=\"780ed96\" data-element_type=\"column\">\n\t\t\t<div class=\"elementor-widget-wrap elementor-element-populated\">\n\t\t\t\t\t\t<div class=\"elementor-element elementor-element-1186811 elementor-widget elementor-widget-text-editor\" data-id=\"1186811\" data-element_type=\"widget\" data-widget_type=\"text-editor.default\">\n\t\t\t\t<div class=\"elementor-widget-container\">\n\t\t\t\t\t\t\t<h4 style=\"text-align: center;\"><strong>\u00d6ffnungszeiten<\/strong><\/h4><p style=\"text-align: center;\"><strong>Verkauf:<\/strong><br \/>Montag bis Freitag von 08:00 &#8211; 18:00 Uhr<br \/>Samstag von 09:00 &#8211; 12:00 Uhr<\/p><p style=\"text-align: center;\"><strong>Werkstatt:<\/strong><br \/>Montag bis Freitag von 07:00 &#8211; 18:00 Uhr<br \/>Samstag von 08:00 &#8211; 12:00 Uhr<\/p>\t\t\t\t\t\t<\/div>\n\t\t\t\t<\/div>\n\t\t\t\t\t<\/div>\n\t\t<\/div>\n\t\t\t\t<div class=\"elementor-column elementor-col-33 elementor-top-column elementor-element elementor-element-1da086e\" data-id=\"1da086e\" data-element_type=\"column\">\n\t\t\t<div class=\"elementor-widget-wrap elementor-element-populated\">\n\t\t\t\t\t\t<div class=\"elementor-element elementor-element-910c0f3 elementor-widget elementor-widget-text-editor\" data-id=\"910c0f3\" data-element_type=\"widget\" data-widget_type=\"text-editor.default\">\n\t\t\t\t<div class=\"elementor-widget-container\">\n\t\t\t\t\t\t\t<h4 style=\"text-align: center;\"><strong>Informationen<\/strong><\/h4><p style=\"text-align: center;\"><strong><a href=\"https:\/\/autohaus-peschel.de\/?page_id=1099\">Impressum<\/a><br \/><a href=\"https:\/\/autohaus-peschel.de\/?page_id=1103\">Datenschutz<\/a><\/strong><br \/><a href=\"https:\/\/autohaus-peschel.de\/?page_id=1142\"><strong>AGB\u00b4s<\/strong><\/a><\/p>\t\t\t\t\t\t<\/div>\n\t\t\t\t<\/div>\n\t\t\t\t\t<\/div>\n\t\t<\/div>\n\t\t\t\t\t<\/div>\n\t\t<\/section>\n\t\t\t\t<\/div>\n\t\t","protected":false},"excerpt":{"rendered":"<p>\u00dcber uns Wie alles begann. Unsere Firmengeschichteder Gebr\u00fcder Peschel Mit der Betriebsgr\u00fcndung im Jahre 1928 legten die beiden Br\u00fcder Erhardt und Alfred Peschel den Grundstein f\u00fcr ein traditionsreiches Familienunternehmen. Ihr Handwerk erlernten die beiden Schlosser bei der Coswiger Autofabrik Nacke. Die elterlichen Stallgeb\u00e4ude auf der Neucoswiger Str. 25 in Coswig boten die ersten R\u00e4umlichkeiten f\u00fcr [&hellip;]<\/p>\n","protected":false},"author":1,"featured_media":0,"parent":0,"menu_order":0,"comment_status":"closed","ping_status":"closed","template":"","meta":{"site-sidebar-layout":"no-sidebar","site-content-layout":"page-builder","ast-site-content-layout":"default","site-content-style":"default","site-sidebar-style":"default","ast-global-header-display":"","ast-banner-title-visibility":"","ast-main-header-display":"","ast-hfb-above-header-display":"","ast-hfb-below-header-display":"","ast-hfb-mobile-header-display":"","site-post-title":"disabled","ast-breadcrumbs-content":"disabled","ast-featured-img":"disabled","footer-sml-layout":"","ast-disable-related-posts":"","theme-transparent-header-meta":"enabled","adv-header-id-meta":"","stick-header-meta":"","header-above-stick-meta":"","header-main-stick-meta":"","header-below-stick-meta":"","astra-migrate-meta-layouts":"default","ast-page-background-enabled":"default","ast-page-background-meta":{"desktop":{"background-color":"","background-image":"","background-repeat":"repeat","background-position":"center center","background-size":"auto","background-attachment":"scroll","background-type":"","background-media":"","overlay-type":"","overlay-color":"","overlay-opacity":"","overlay-gradient":""},"tablet":{"background-color":"","background-image":"","background-repeat":"repeat","background-position":"center center","background-size":"auto","background-attachment":"scroll","background-type":"","background-media":"","overlay-type":"","overlay-color":"","overlay-opacity":"","overlay-gradient":""},"mobile":{"background-color":"","background-image":"","background-repeat":"repeat","background-position":"center center","background-size":"auto","background-attachment":"scroll","background-type":"","background-media":"","overlay-type":"","overlay-color":"","overlay-opacity":"","overlay-gradient":""}},"ast-content-background-meta":{"desktop":{"background-color":"var(--ast-global-color-5)","background-image":"","background-repeat":"repeat","background-position":"center center","background-size":"auto","background-attachment":"scroll","background-type":"","background-media":"","overlay-type":"","overlay-color":"","overlay-opacity":"","overlay-gradient":""},"tablet":{"background-color":"var(--ast-global-color-5)","background-image":"","background-repeat":"repeat","background-position":"center center","background-size":"auto","background-attachment":"scroll","background-type":"","background-media":"","overlay-type":"","overlay-color":"","overlay-opacity":"","overlay-gradient":""},"mobile":{"background-color":"var(--ast-global-color-5)","background-image":"","background-repeat":"repeat","background-position":"center center","background-size":"auto","background-attachment":"scroll","background-type":"","background-media":"","overlay-type":"","overlay-color":"","overlay-opacity":"","overlay-gradient":""}}},"_links":{"self":[{"href":"https:\/\/autohaus-peschel.de\/index.php?rest_route=\/wp\/v2\/pages\/575"}],"collection":[{"href":"https:\/\/autohaus-peschel.de\/index.php?rest_route=\/wp\/v2\/pages"}],"about":[{"href":"https:\/\/autohaus-peschel.de\/index.php?rest_route=\/wp\/v2\/types\/page"}],"author":[{"embeddable":true,"href":"https:\/\/autohaus-peschel.de\/index.php?rest_route=\/wp\/v2\/users\/1"}],"replies":[{"embeddable":true,"href":"https:\/\/autohaus-peschel.de\/index.php?rest_route=%2Fwp%2Fv2%2Fcomments&post=575"}],"version-history":[{"count":77,"href":"https:\/\/autohaus-peschel.de\/index.php?rest_route=\/wp\/v2\/pages\/575\/revisions"}],"predecessor-version":[{"id":1216,"href":"https:\/\/autohaus-peschel.de\/index.php?rest_route=\/wp\/v2\/pages\/575\/revisions\/1216"}],"wp:attachment":[{"href":"https:\/\/autohaus-peschel.de\/index.php?rest_route=%2Fwp%2Fv2%2Fmedia&parent=575"}],"curies":[{"name":"wp","href":"https:\/\/api.w.org\/{rel}","templated":true}]}}